{"id":15966,"date":"2025-05-04T07:10:39","date_gmt":"2025-05-04T05:10:39","guid":{"rendered":"https:\/\/videostrains.com\/videostrains\/?page_id=15966"},"modified":"2026-02-26T10:45:39","modified_gmt":"2026-02-26T09:45:39","slug":"drone-dji-air3s-defauts","status":"publish","type":"page","link":"https:\/\/www.videostrains.com\/index.php\/drone-dji-air3s-defauts\/","title":{"rendered":"Drone DJI AIR 3S Mon avis-2025"},"content":{"rendered":"\t\t<div data-elementor-type=\"wp-page\" data-elementor-id=\"15966\" class=\"elementor elementor-15966\">\n\t\t\t\t\t\t<section class=\"elementor-section elementor-top-section elementor-element elementor-element-edd0598 elementor-section-boxed elementor-section-height-default elementor-section-height-default wpr-particle-no wpr-jarallax-no wpr-parallax-no wpr-sticky-section-no wpr-equal-height-no\" data-id=\"edd0598\" data-element_type=\"section\" data-e-type=\"section\">\n\t\t\t\t\t\t<div class=\"elementor-container elementor-column-gap-default\">\n\t\t\t\t\t<div class=\"elementor-column elementor-col-100 elementor-top-column elementor-element elementor-element-c7d3109\" data-id=\"c7d3109\" data-element_type=\"column\" data-e-type=\"column\">\n\t\t\t<div class=\"elementor-widget-wrap elementor-element-populated\">\n\t\t\t\t\t\t<div class=\"elementor-element elementor-element-2594b45 e-transform e-transform elementor-widget-mobile__width-initial elementor-widget__width-initial elementor-widget elementor-widget-heading\" data-id=\"2594b45\" data-element_type=\"widget\" data-e-type=\"widget\" data-settings=\"{&quot;_transform_scale_effect_mobile&quot;:{&quot;unit&quot;:&quot;px&quot;,&quot;size&quot;:0.5,&quot;sizes&quot;:[]},&quot;_transform_translateY_effect&quot;:{&quot;unit&quot;:&quot;px&quot;,&quot;size&quot;:0,&quot;sizes&quot;:[]},&quot;_transform_translateX_effect&quot;:{&quot;unit&quot;:&quot;px&quot;,&quot;size&quot;:&quot;&quot;,&quot;sizes&quot;:[]},&quot;_transform_translateX_effect_tablet&quot;:{&quot;unit&quot;:&quot;px&quot;,&quot;size&quot;:&quot;&quot;,&quot;sizes&quot;:[]},&quot;_transform_translateX_effect_mobile&quot;:{&quot;unit&quot;:&quot;px&quot;,&quot;size&quot;:&quot;&quot;,&quot;sizes&quot;:[]},&quot;_transform_translateY_effect_tablet&quot;:{&quot;unit&quot;:&quot;px&quot;,&quot;size&quot;:&quot;&quot;,&quot;sizes&quot;:[]},&quot;_transform_translateY_effect_mobile&quot;:{&quot;unit&quot;:&quot;px&quot;,&quot;size&quot;:&quot;&quot;,&quot;sizes&quot;:[]},&quot;_transform_scale_effect&quot;:{&quot;unit&quot;:&quot;px&quot;,&quot;size&quot;:&quot;&quot;,&quot;sizes&quot;:[]},&quot;_transform_scale_effect_tablet&quot;:{&quot;unit&quot;:&quot;px&quot;,&quot;size&quot;:&quot;&quot;,&quot;sizes&quot;:[]}}\" data-widget_type=\"heading.default\">\n\t\t\t\t<div class=\"elementor-widget-container\">\n\t\t\t\t\t<h1 class=\"elementor-heading-title elementor-size-default\">Drone DJI Air3S - Mon avis sur mon nouveau Drone pour la vid\u00e9o ferroviaire<\/h1>\t\t\t\t<\/div>\n\t\t\t\t<\/div>\n\t\t\t\t\t<\/div>\n\t\t<\/div>\n\t\t\t\t\t<\/div>\n\t\t<\/section>\n\t\t\t\t<section class=\"elementor-section elementor-top-section elementor-element elementor-element-6cf3777 elementor-section-boxed elementor-section-height-default elementor-section-height-default wpr-particle-no wpr-jarallax-no wpr-parallax-no wpr-sticky-section-no wpr-equal-height-no\" data-id=\"6cf3777\" data-element_type=\"section\" data-e-type=\"section\">\n\t\t\t\t\t\t<div class=\"elementor-container elementor-column-gap-default\">\n\t\t\t\t\t<div class=\"elementor-column elementor-col-100 elementor-top-column elementor-element elementor-element-7ab580b\" data-id=\"7ab580b\" data-element_type=\"column\" data-e-type=\"column\">\n\t\t\t<div class=\"elementor-widget-wrap elementor-element-populated\">\n\t\t\t\t\t\t<div class=\"elementor-element elementor-element-be49892 elementor-widget-mobile__width-initial elementor-widget elementor-widget-heading\" data-id=\"be49892\" data-element_type=\"widget\" data-e-type=\"widget\" data-widget_type=\"heading.default\">\n\t\t\t\t<div class=\"elementor-widget-container\">\n\t\t\t\t\t<h2 class=\"elementor-heading-title elementor-size-default\">2 d\u00e9fauts et probl\u00e8mes  du  Drone DJI Air3S  qui me mettent en col\u00e8re<\/h2>\t\t\t\t<\/div>\n\t\t\t\t<\/div>\n\t\t\t\t\t<\/div>\n\t\t<\/div>\n\t\t\t\t\t<\/div>\n\t\t<\/section>\n\t\t<div class=\"elementor-element elementor-element-a60a767 e-flex e-con-boxed wpr-particle-no wpr-jarallax-no wpr-parallax-no wpr-sticky-section-no wpr-equal-height-no e-con e-parent\" data-id=\"a60a767\" data-element_type=\"container\" data-e-type=\"container\">\n\t\t\t\t\t<div class=\"e-con-inner\">\n\t\t\t\t<div class=\"elementor-element elementor-element-2a155f2 elementor-widget elementor-widget-heading\" data-id=\"2a155f2\" data-element_type=\"widget\" data-e-type=\"widget\" data-widget_type=\"heading.default\">\n\t\t\t\t<div class=\"elementor-widget-container\">\n\t\t\t\t\t<h5 class=\"elementor-heading-title elementor-size-default\">Article r\u00e9dig\u00e9 en Mai 2025<\/h5>\t\t\t\t<\/div>\n\t\t\t\t<\/div>\n\t\t\t\t\t<\/div>\n\t\t\t\t<\/div>\n\t\t<div class=\"elementor-element elementor-element-c5f7cce e-flex e-con-boxed wpr-particle-no wpr-jarallax-no wpr-parallax-no wpr-sticky-section-no wpr-equal-height-no e-con e-parent\" data-id=\"c5f7cce\" data-element_type=\"container\" data-e-type=\"container\">\n\t\t\t\t\t<div class=\"e-con-inner\">\n\t\t\t\t<div class=\"elementor-element elementor-element-6d07b24 elementor-widget__width-initial elementor-widget elementor-widget-image\" data-id=\"6d07b24\" data-element_type=\"widget\" data-e-type=\"widget\" data-widget_type=\"image.default\">\n\t\t\t\t<div class=\"elementor-widget-container\">\n\t\t\t\t\t\t\t\t\t\t\t\t\t\t\t<img fetchpriority=\"high\" decoding=\"async\" width=\"300\" height=\"225\" src=\"https:\/\/www.videostrains.com\/wp-content\/uploads\/2025\/05\/20250505_175855.avif\" class=\"attachment-medium size-medium wp-image-16270\" alt=\"\">\t\t\t\t\t\t\t\t\t\t\t\t\t\t\t<\/div>\n\t\t\t\t<\/div>\n\t\t\t\t<div class=\"elementor-element elementor-element-f097339 elementor-widget elementor-widget-text-editor\" data-id=\"f097339\" data-element_type=\"widget\" data-e-type=\"widget\" data-widget_type=\"text-editor.default\">\n\t\t\t\t<div class=\"elementor-widget-container\">\n\t\t\t\t\t\t\t\t\t<p>Mon AIR3S<strong> \u2191<\/strong><\/p>\t\t\t\t\t\t\t\t<\/div>\n\t\t\t\t<\/div>\n\t\t\t\t\t<\/div>\n\t\t\t\t<\/div>\n\t\t<div class=\"elementor-element elementor-element-ab6cdd8 e-flex e-con-boxed wpr-particle-no wpr-jarallax-no wpr-parallax-no wpr-sticky-section-no wpr-equal-height-no e-con e-parent\" data-id=\"ab6cdd8\" data-element_type=\"container\" data-e-type=\"container\" data-settings=\"{&quot;shape_divider_top&quot;:&quot;curve&quot;,&quot;shape_divider_bottom&quot;:&quot;waves&quot;}\">\n\t\t\t\t\t<div class=\"e-con-inner\">\n\t\t\t\t<div class=\"elementor-shape elementor-shape-top\" aria-hidden=\"true\" data-negative=\"false\">\n\t\t\t<svg xmlns=\"http:\/\/www.w3.org\/2000\/svg\" viewBox=\"0 0 1000 100\" preserveAspectRatio=\"none\">\n    <path class=\"elementor-shape-fill\" d=\"M1000,4.3V0H0v4.3C0.9,23.1,126.7,99.2,500,100S1000,22.7,1000,4.3z\"\/>\n<\/svg>\t\t<\/div>\n\t\t\t\t<div class=\"elementor-shape elementor-shape-bottom\" aria-hidden=\"true\" data-negative=\"false\">\n\t\t\t<svg xmlns=\"http:\/\/www.w3.org\/2000\/svg\" viewBox=\"0 0 1000 100\" preserveAspectRatio=\"none\">\n\t<path class=\"elementor-shape-fill\" d=\"M421.9,6.5c22.6-2.5,51.5,0.4,75.5,5.3c23.6,4.9,70.9,23.5,100.5,35.7c75.8,32.2,133.7,44.5,192.6,49.7\n\tc23.6,2.1,48.7,3.5,103.4-2.5c54.7-6,106.2-25.6,106.2-25.6V0H0v30.3c0,0,72,32.6,158.4,30.5c39.2-0.7,92.8-6.7,134-22.4\n\tc21.2-8.1,52.2-18.2,79.7-24.2C399.3,7.9,411.6,7.5,421.9,6.5z\"\/>\n<\/svg>\t\t<\/div>\n\t\t<div class=\"elementor-element elementor-element-856b018 e-con-full e-flex wpr-particle-no wpr-jarallax-no wpr-parallax-no wpr-sticky-section-no wpr-equal-height-no e-con e-child\" data-id=\"856b018\" data-element_type=\"container\" data-e-type=\"container\">\n\t\t\t\t<div class=\"elementor-element elementor-element-fd5d190 elementor-widget elementor-widget-heading\" data-id=\"fd5d190\" data-element_type=\"widget\" data-e-type=\"widget\" data-widget_type=\"heading.default\">\n\t\t\t\t<div class=\"elementor-widget-container\">\n\t\t\t\t\t<h3 class=\"elementor-heading-title elementor-size-default\">Introduction:<\/h3>\t\t\t\t<\/div>\n\t\t\t\t<\/div>\n\t\t\t\t<\/div>\n\t\t\t\t<div class=\"elementor-element elementor-element-85a1c2f elementor-widget elementor-widget-text-editor\" data-id=\"85a1c2f\" data-element_type=\"widget\" data-e-type=\"widget\" data-widget_type=\"text-editor.default\">\n\t\t\t\t<div class=\"elementor-widget-container\">\n\t\t\t\t\t\t\t\t\t<p><span style=\"color: #ffffff;\"><span style=\"color: #00ff00;\"><strong>\u25cf <\/strong><\/span>L<\/span>es habitu\u00e9s du site et de la chaine vid\u00e9o Youtube le savent d\u00e9ja;j&rsquo;utilise un drone depuis la fin 2017,<br \/>pour photographier et filmer les trains.<br \/>Utilisant un DJI Mavic Pro,premier du nom,j&rsquo;\u00e9prouvais le besoin de lui trouver un rempla\u00e7ant,pour les raisons suivantes:<\/p><div class=\"cs\"><span style=\"color: #3366ff;\">\u25ba <\/span>Comme la plupart des drones,l&rsquo;autonomie n&rsquo;est jamais suffisante,et il me fallait constamment avoir des batteries d&rsquo;avance.<br \/>Fort heureusement,j&rsquo;ai beaucoup appr\u00e9ci\u00e9 le fait d&rsquo;avoir un chargeur 12volts pour la voiture,en plus de celui qui est en 220 volts,fourni dans le kit fly more lorsque j&rsquo;ai fait l&rsquo;achat de l&rsquo;appareil.<br \/><span style=\"color: #3366ff;\">\u25ba<\/span> Le rendu des photos et vid\u00e9os,en raison de son objectif,bien qu&rsquo;\u00e9tant excellent,manquait de qualit\u00e9,et je trouvais<br \/>que les couleurs avaient une dominante dans les tons \u00ab\u00a0pourpres\u00a0\u00bb,trop prononc\u00e9e,malgr\u00e9 les retouches que je faisaient<br \/>sur les photos et vid\u00e9os produites par le Mavic Pro.<br \/>Bien que la aussi excellentes,ses s\u00e9curit\u00e9s passives et actives \u00e9taient \u00e9galement obsol\u00e8tes par rapport aux derniers mod\u00e8les de drones de la marque.<\/div><div>\u00a0<\/div><div class=\"cs\"><span style=\"color: #3366ff;\">\u25cf<\/span> Apr\u00e8s de longues h\u00e9sitations,j&rsquo;ai donc d\u00e9cid\u00e9 de le compl\u00e9ter par un nouveau mod\u00e8le plus r\u00e9cent.<\/div><div class=\"cs\">J&rsquo;attendais la sortie du Mavic 4 Pro,mais les rumeurs sur ce dernier,pr\u00e9disaient qu&rsquo;il serait tr\u00e8s cher.<br \/>J&rsquo;ai voulu m&rsquo;orienter vers le Mavic 3,mais il est lui aussi tr\u00e8s cher,et j&rsquo;ai remarqu\u00e9 que certaines de ses caract\u00e9ristiques commencent \u00e0 \u00eatre plus ou moins \u00e9gal\u00e9es par des gammes inf\u00e9rieures.<\/div><p>\u00a0 Apr\u00e8s quelques heures pass\u00e9es \u00e0 comparer l&rsquo;ensemble de la gamme DJI,j&rsquo;ai jet\u00e9 mon d\u00e9volu sur le r\u00e9cent Air 3S,qui est quasiment \u00e9quivalent<br \/>au Mavic 3,car plus r\u00e9cent de conception.Il a m\u00eame certains avantages.<\/p><div class=\"cs\"><span style=\"color: #3366ff;\">\u25cf<\/span> Bref,j&rsquo;ai\u00a0 investi dans le AIR 3S en\u00a0 version kit Fly more avec t\u00e9l\u00e9commande RC2,celle qui a l&rsquo;\u00e9cran int\u00e9gr\u00e9,ce qui \u00e9tait pour mon un imp\u00e9ratif.<br \/>En effet,j&rsquo;ai choisi ce kit a 1600 Euros,car il contient parmi les \u00e9l\u00e9ments qui me tenaient \u00e0 c\u0153ur,3 batteries avec le hub de chargement,<br \/>et la t\u00e9l\u00e9commande avec \u00e9cran int\u00e9gr\u00e9.<\/div><p>Je d\u00e9sirait cette derni\u00e8re,malgr\u00e9 le co\u00fbt suppl\u00e9mentaire,car j&rsquo;ai bien souvent eu des d\u00e9convenues<br \/>sur le Mavic Pro reli\u00e9 a un smartphone par cable USB,ce qui m&rsquo;a parfois provoqu\u00e9 quelques frayeurs et photos\/vid\u00e9os rat\u00e9es \u00e0 cause de d\u00e9connections intempestives.<br \/>Donc,afin d&rsquo;\u00e9viter ces risques de plantages,j&rsquo;ai pris cette version de la t\u00e9l\u00e9commande avec \u00e9cran int\u00e9gr\u00e9.<br \/>De plus,\u00e7a fait gagner du temps pour la mise en service complet du drone.<\/p><div class=\"cs\"><span style=\"color: #00ff00;\">\u2593<\/span>\u00a0 Pour faire simple et court,bien que manquant encore de recul,je suis pour l&rsquo;instant tr\u00e8s satisfait de la qualit\u00e9 des photos et vid\u00e9os produites.<\/div><div class=\"cs\">Pour ces derni\u00e8res j&rsquo;ai pour l&rsquo;instant opt\u00e9 pour un r\u00e9glage de prises de vues en mode D-Log ce qui permet lors du montage,un meilleur \u00ab\u00a0\u00e9talonnage\u00a0\u00bbdes couleurs avec un \u00ab\u00a0LUT\u00a0\u00bbadapt\u00e9,t\u00e9l\u00e9chargeable chez DJI.(bien qu&rsquo;il soit possible d&rsquo;en utiliser de nombreux autres).<\/div><p>Pour l&rsquo;instant je ne m&rsquo;\u00e9tends pas sur la totalit\u00e9 de mon ressenti,pr\u00e9f\u00e9rant mettre en avant les\u00a0 deux choses qui me d\u00e9plaisent et que je veux partager,car les nombreux tests et avis que j&rsquo;ai pu lire ou visionner ont \u00ab\u00a0pass\u00e9 sous silence\u00a0\u00bbces d\u00e9fauts.<\/p>\t\t\t\t\t\t\t\t<\/div>\n\t\t\t\t<\/div>\n\t\t<div class=\"elementor-element elementor-element-4a7a5ea e-con-full e-flex wpr-particle-no wpr-jarallax-no wpr-parallax-no wpr-sticky-section-no wpr-equal-height-no e-con e-child\" data-id=\"4a7a5ea\" data-element_type=\"container\" data-e-type=\"container\">\n\t\t\t\t<div class=\"elementor-element elementor-element-8e3fdea elementor-position-top elementor-widget elementor-widget-image-box\" data-id=\"8e3fdea\" data-element_type=\"widget\" data-e-type=\"widget\" data-widget_type=\"image-box.default\">\n\t\t\t\t<div class=\"elementor-widget-container\">\n\t\t\t\t\t<div class=\"elementor-image-box-wrapper\"><figure class=\"elementor-image-box-img\"><img decoding=\"async\" width=\"3744\" height=\"1748\" src=\"https:\/\/www.videostrains.com\/wp-content\/uploads\/2025\/05\/20250505_175936.avif\" class=\"attachment-full size-full wp-image-16274\" alt=\"\"><\/figure><div class=\"elementor-image-box-content\"><h3 class=\"elementor-image-box-title\">Mon bon vieux Mavic Pro 1<\/h3><p class=\"elementor-image-box-description\">Achet\u00e9 en 2017,le Mavic Pro 1.Malgr\u00e9 son age et la rel\u00e8ve,il continuera a m'\u00eatre utile<\/p><\/div><\/div>\t\t\t\t<\/div>\n\t\t\t\t<\/div>\n\t\t\t\t<\/div>\n\t\t\t\t<div class=\"elementor-element elementor-element-b389689 elementor-widget__width-initial e-transform elementor-view-default elementor-widget elementor-widget-icon\" data-id=\"b389689\" data-element_type=\"widget\" data-e-type=\"widget\" data-settings=\"{&quot;_transform_translateX_effect&quot;:{&quot;unit&quot;:&quot;px&quot;,&quot;size&quot;:-403,&quot;sizes&quot;:[]},&quot;_transform_translateY_effect&quot;:{&quot;unit&quot;:&quot;px&quot;,&quot;size&quot;:-107,&quot;sizes&quot;:[]},&quot;_transform_translateX_effect_tablet&quot;:{&quot;unit&quot;:&quot;px&quot;,&quot;size&quot;:&quot;&quot;,&quot;sizes&quot;:[]},&quot;_transform_translateX_effect_mobile&quot;:{&quot;unit&quot;:&quot;px&quot;,&quot;size&quot;:&quot;&quot;,&quot;sizes&quot;:[]},&quot;_transform_translateY_effect_tablet&quot;:{&quot;unit&quot;:&quot;px&quot;,&quot;size&quot;:&quot;&quot;,&quot;sizes&quot;:[]},&quot;_transform_translateY_effect_mobile&quot;:{&quot;unit&quot;:&quot;px&quot;,&quot;size&quot;:&quot;&quot;,&quot;sizes&quot;:[]}}\" data-widget_type=\"icon.default\">\n\t\t\t\t<div class=\"elementor-widget-container\">\n\t\t\t\t\t\t\t<div class=\"elementor-icon-wrapper\">\n\t\t\t<div class=\"elementor-icon\">\n\t\t\t<i aria-hidden=\"true\" class=\"far fa-arrow-alt-circle-up\"><\/i>\t\t\t<\/div>\n\t\t<\/div>\n\t\t\t\t\t\t<\/div>\n\t\t\t\t<\/div>\n\t\t\t\t<div class=\"elementor-element elementor-element-59e7c04 elementor-widget elementor-widget-spacer\" data-id=\"59e7c04\" data-element_type=\"widget\" data-e-type=\"widget\" data-widget_type=\"spacer.default\">\n\t\t\t\t<div class=\"elementor-widget-container\">\n\t\t\t\t\t\t\t<div class=\"elementor-spacer\">\n\t\t\t<div class=\"elementor-spacer-inner\"><\/div>\n\t\t<\/div>\n\t\t\t\t\t\t<\/div>\n\t\t\t\t<\/div>\n\t\t\t\t\t<\/div>\n\t\t\t\t<\/div>\n\t\t<div class=\"elementor-element elementor-element-8450e3c e-flex e-con-boxed wpr-particle-no wpr-jarallax-no wpr-parallax-no wpr-sticky-section-no wpr-equal-height-no e-con e-parent\" data-id=\"8450e3c\" data-element_type=\"container\" data-e-type=\"container\">\n\t\t\t\t\t<div class=\"e-con-inner\">\n\t\t\t\t<div class=\"elementor-element elementor-element-d7deeab elementor-widget elementor-widget-spacer\" data-id=\"d7deeab\" data-element_type=\"widget\" data-e-type=\"widget\" data-widget_type=\"spacer.default\">\n\t\t\t\t<div class=\"elementor-widget-container\">\n\t\t\t\t\t\t\t<div class=\"elementor-spacer\">\n\t\t\t<div class=\"elementor-spacer-inner\"><\/div>\n\t\t<\/div>\n\t\t\t\t\t\t<\/div>\n\t\t\t\t<\/div>\n\t\t\t\t\t<\/div>\n\t\t\t\t<\/div>\n\t\t<div class=\"elementor-element elementor-element-fb0cd8d e-flex e-con-boxed wpr-particle-no wpr-jarallax-no wpr-parallax-no wpr-sticky-section-no wpr-equal-height-no e-con e-parent\" data-id=\"fb0cd8d\" data-element_type=\"container\" data-e-type=\"container\">\n\t\t\t\t\t<div class=\"e-con-inner\">\n\t\t\t\t<div class=\"elementor-element elementor-element-c0fbbb9 elementor-widget elementor-widget-spacer\" data-id=\"c0fbbb9\" data-element_type=\"widget\" data-e-type=\"widget\" data-widget_type=\"spacer.default\">\n\t\t\t\t<div class=\"elementor-widget-container\">\n\t\t\t\t\t\t\t<div class=\"elementor-spacer\">\n\t\t\t<div class=\"elementor-spacer-inner\"><\/div>\n\t\t<\/div>\n\t\t\t\t\t\t<\/div>\n\t\t\t\t<\/div>\n\t\t\t\t\t<\/div>\n\t\t\t\t<\/div>\n\t\t<div class=\"elementor-element elementor-element-f30f41f e-flex e-con-boxed wpr-particle-no wpr-jarallax-no wpr-parallax-no wpr-sticky-section-no wpr-equal-height-no e-con e-parent\" data-id=\"f30f41f\" data-element_type=\"container\" data-e-type=\"container\">\n\t\t\t\t\t<div class=\"e-con-inner\">\n\t\t<div class=\"elementor-element elementor-element-932eff8 e-con-full e-flex wpr-particle-no wpr-jarallax-no wpr-parallax-no wpr-sticky-section-no wpr-equal-height-no e-con e-child\" data-id=\"932eff8\" data-element_type=\"container\" data-e-type=\"container\" data-settings=\"{&quot;background_background&quot;:&quot;gradient&quot;}\">\n\t\t\t\t<div class=\"elementor-element elementor-element-9df3208 elementor-widget elementor-widget-heading\" data-id=\"9df3208\" data-element_type=\"widget\" data-e-type=\"widget\" data-widget_type=\"heading.default\">\n\t\t\t\t<div class=\"elementor-widget-container\">\n\t\t\t\t\t<h4 class=\"elementor-heading-title elementor-size-default\">Le Premier d\u00e9faut: Pas de chargeur !<\/h4>\t\t\t\t<\/div>\n\t\t\t\t<\/div>\n\t\t\t\t<div class=\"elementor-element elementor-element-c08c9cb elementor-widget elementor-widget-text-editor\" data-id=\"c08c9cb\" data-element_type=\"widget\" data-e-type=\"widget\" data-widget_type=\"text-editor.default\">\n\t\t\t\t<div class=\"elementor-widget-container\">\n\t\t\t\t\t\t\t\t\t<p><span style=\"color: #00ff00;\">\u25cf<\/span>\u00a0 Malgr\u00e9 le gros effort financier d&rsquo;acheter le kit qui contient le maximum d&rsquo;options,je ne peux m&#8217;emp\u00eacher de trouver\u00a0 scandaleux le fait de devoir acheter en plus&#8230;&#8230;un Chargeur !!!<br \/>J&rsquo;avais appr\u00e9ci\u00e9 avoir un chargeur 220 volts et un 12V prise allume cigare sur le kit fly more du Mavic Pro,ici RIEN DU TOUT.<\/p><p>Seulement le hub sur lequel on peu brancher un chargeur avec prise USB Type C.<br \/>Le plus puissant que j&rsquo;ai chez moi est un 20 Watts,et qui est adapt\u00e9 \u00e0 la charge admissible de mes t\u00e9l\u00e9phones\/tablettes.<br \/>Or,pour charger les batteries du Air3S c&rsquo;est beaucoup trop faible,ce qui ne permet qu&rsquo;une charge tr\u00e8s tr\u00e8s lente des batteries.<br \/>Pour une charge rapide,il faut un chargeur 65W ou 100W.Bien sur vendus en plus par le fabricant.<\/p><p>Aussi,j&rsquo;ai achet\u00e9 un chargeur 12 volts 65 Watts d&rsquo;une (bonne)marque tierce afin de le brancher dans la voiture pour commencer et voir ce que \u00e7a donne \u00e0 l&rsquo;usage.<br \/>Je peux aussi le brancher chez moi sur une alim que je poss\u00e8de d\u00e9j\u00e0.<br \/>Ensuite je serai bien oblig\u00e9 de rajouter 50 Euros pour le 100 W de DJI.Les marques tierces \u00e9tant aussi ch\u00e8res ou de moindre qualit\u00e9,il me faudra le prendre.<\/p><p>Tout \u00e7a pour dire que c&rsquo;est scandaleux de vendre un kit haut de gamme sans le moindre chargeur,qui plus est avec un minimum de puissance d\u00e9livr\u00e9e pour une charge suffisamment rapide.<\/p><p>C&rsquo;est en fait ce qui a motiv\u00e9 mon envie de publier cet article pour avertir les futurs acheteurs du drone.<br \/>Surtout si vous le prenez sans kit avec une seule batterie.<br \/>Pas tr\u00e8s g\u00eanant pour une utilisation occasionnelle,mais a la fin des 40 minutes d&rsquo;autonomie de la batterie,si vous n&rsquo;en avez pas d&rsquo;autres ou de chargeur rapide,et bien ne comptez pas vous servir \u00e0 nouveau du drone avant quelques heures.<br \/><span style=\"color: #ff0000;\"><strong>\u25cf <\/strong><\/span>Monsieur DJI;au lieu de mettre des filtres ND dans le pack fly more,j&rsquo;aurai pr\u00e9f\u00e9r\u00e9 un chargeur digne de ce nom a sa place !<\/p>\t\t\t\t\t\t\t\t<\/div>\n\t\t\t\t<\/div>\n\t\t<div class=\"elementor-element elementor-element-06888c4 e-con-full e-flex wpr-particle-no wpr-jarallax-no wpr-parallax-no wpr-sticky-section-no wpr-equal-height-no e-con e-child\" data-id=\"06888c4\" data-element_type=\"container\" data-e-type=\"container\">\n\t\t\t\t<div class=\"elementor-element elementor-element-f45ead5 elementor-widget__width-initial elementor-widget elementor-widget-image\" data-id=\"f45ead5\" data-element_type=\"widget\" data-e-type=\"widget\" data-widget_type=\"image.default\">\n\t\t\t\t<div class=\"elementor-widget-container\">\n\t\t\t\t\t\t\t\t\t\t\t\t\t\t\t<img decoding=\"async\" width=\"300\" height=\"286\" src=\"https:\/\/www.videostrains.com\/wp-content\/uploads\/2025\/05\/20250505_180129.avif\" class=\"attachment-medium size-medium wp-image-16269\" alt=\"\">\t\t\t\t\t\t\t\t\t\t\t\t\t\t\t<\/div>\n\t\t\t\t<\/div>\n\t\t\t\t<div class=\"elementor-element elementor-element-ae87e72 elementor-widget-mobile__width-initial elementor-widget elementor-widget-text-editor\" data-id=\"ae87e72\" data-element_type=\"widget\" data-e-type=\"widget\" data-widget_type=\"text-editor.default\">\n\t\t\t\t<div class=\"elementor-widget-container\">\n\t\t\t\t\t\t\t\t\t<h3><span style=\"color: #008000;\">\u2190\u00a0 Chargeur 12 Volts 65 Watts pour la voiture,de la marque UGREEN.<\/span><\/h3><h3><span style=\"color: #008000;\">UGREEN b\u00e9n\u00e9ficie d&rsquo;une excelente r\u00e9putation.<\/span><\/h3>\t\t\t\t\t\t\t\t<\/div>\n\t\t\t\t<\/div>\n\t\t\t\t<\/div>\n\t\t\t\t<\/div>\n\t\t\t\t\t<\/div>\n\t\t\t\t<\/div>\n\t\t<div class=\"elementor-element elementor-element-80d3e6a e-flex e-con-boxed wpr-particle-no wpr-jarallax-no wpr-parallax-no wpr-sticky-section-no wpr-equal-height-no e-con e-parent\" data-id=\"80d3e6a\" data-element_type=\"container\" data-e-type=\"container\">\n\t\t\t\t\t<div class=\"e-con-inner\">\n\t\t\t\t<div class=\"elementor-element elementor-element-53a2170 elementor-widget elementor-widget-spacer\" data-id=\"53a2170\" data-element_type=\"widget\" data-e-type=\"widget\" data-widget_type=\"spacer.default\">\n\t\t\t\t<div class=\"elementor-widget-container\">\n\t\t\t\t\t\t\t<div class=\"elementor-spacer\">\n\t\t\t<div class=\"elementor-spacer-inner\"><\/div>\n\t\t<\/div>\n\t\t\t\t\t\t<\/div>\n\t\t\t\t<\/div>\n\t\t\t\t\t<\/div>\n\t\t\t\t<\/div>\n\t\t<div class=\"elementor-element elementor-element-688f53e e-flex e-con-boxed wpr-particle-no wpr-jarallax-no wpr-parallax-no wpr-sticky-section-no wpr-equal-height-no e-con e-parent\" data-id=\"688f53e\" data-element_type=\"container\" data-e-type=\"container\">\n\t\t\t\t\t<div class=\"e-con-inner\">\n\t\t<div class=\"elementor-element elementor-element-d6faed1 e-con-full e-flex wpr-particle-no wpr-jarallax-no wpr-parallax-no wpr-sticky-section-no wpr-equal-height-no e-con e-child\" data-id=\"d6faed1\" data-element_type=\"container\" data-e-type=\"container\" data-settings=\"{&quot;background_background&quot;:&quot;gradient&quot;}\">\n\t\t\t\t<div class=\"elementor-element elementor-element-32b3cde elementor-widget elementor-widget-heading\" data-id=\"32b3cde\" data-element_type=\"widget\" data-e-type=\"widget\" data-widget_type=\"heading.default\">\n\t\t\t\t<div class=\"elementor-widget-container\">\n\t\t\t\t\t<h5 class=\"elementor-heading-title elementor-size-default\">Le Deuxi\u00e8me d\u00e9faut(technique)<\/h5>\t\t\t\t<\/div>\n\t\t\t\t<\/div>\n\t\t\t\t<div class=\"elementor-element elementor-element-ed3c158 elementor-widget elementor-widget-text-editor\" data-id=\"ed3c158\" data-element_type=\"widget\" data-e-type=\"widget\" data-widget_type=\"text-editor.default\">\n\t\t\t\t<div class=\"elementor-widget-container\">\n\t\t\t\t\t\t\t\t\t<p>Un autre d\u00e9faut majeur que les testeurs \u00ab\u00a0omettent\u00a0\u00bb de pr\u00e9ciser:<br \/>Ils conseillent de brancher le drone directement \u00e0 l&rsquo;ordinateur pour r\u00e9cup\u00e9rer les fichiers enregistr\u00e9s dans le stockage interne.<\/p><p>Bon conseil,c&rsquo;est d&rsquo;ailleurs comme \u00e7a que je pr\u00e9f\u00e8re les t\u00e9l\u00e9charger,car c&rsquo;est la m\u00e9thode la plus simple et la plus rapide.<br \/>Seulement voila,ils oublient de dire que de nombreux possesseurs d&rsquo;un ordinateur MAC,n&rsquo;arrivent pas \u00e0 le connecter pour transf\u00e9rer Photos et Vid\u00e9os.<br \/>Moi je suis sur PC Windows 10&#8230;..et bien c&rsquo;est pareil !!!<br \/>En fait,le stockage interne de 42 Go\u00a0 du Air3S une fois format\u00e9 avec la t\u00e9l\u00e9commande lors de la mise en service,et apr\u00e8s avoir fait une premi\u00e8re session de photos ou vid\u00e9os,fonctionne tr\u00e8s bien en le reliant au PC.<br \/>Mais allez savoir pourquoi,chez moi \u00e7a ne fonctionne qu&rsquo;une seule fois,il faut reformater avec la t\u00e9l\u00e9commande RC2 a chaque fois que je <span style=\"text-decoration: underline;\">r\u00e9utilise<\/span> le drone.<\/p><p>Apr\u00e8s le second vol,le PC me dit que le support de stockage n&rsquo;est pas format\u00e9 !<br \/>D\u00e9routant non ?<br \/>Mais tout \u00e7a,\u00e9trangement,personne n&rsquo;en parle \u00e0 part quelques utilisateurs,\u00e0 commencer par ceux qui sont sur MAC.<\/p><p>J&rsquo;ajoute que le probl\u00e8me est le m\u00eame,si on ins\u00e8re une carte SD et qu&rsquo;on choisi d&rsquo;enregistrer dessus \u00e0 la place du stockage interne du Air 3S,et sur 2 autres de mes PC de bureau.<\/p><p>La encore agac\u00e9 par ce d\u00e9sagr\u00e9ment,j&rsquo;ai fait quelques petits essais.<br \/>Constatant que le formatage des supports de stockage est\u00a0 en <span style=\"color: #00ff00;\"><a style=\"color: #00ff00;\" href=\"https:\/\/fr.wikipedia.org\/wiki\/ExFAT\" target=\"_blank\" rel=\"noopener\">\u00ab\u00a0exFAT\u00a0\u00bb;<\/a><\/span>qui est utilis\u00e9 par les syst\u00e8mes Linux,je d\u00e9cide de brancher le Drone sur mon PC Portable qui est sous Linux Mint.<\/p><p>Et la \u00e7a marche \u00e0 tous les coups !<br \/>Mais bon,copier les fichiers sur le portable pour ensuite les transf\u00e9rer sur le PC de bureau c&rsquo;est pas une solution p\u00e9renne.<\/p><p>La bizarrerie,c&rsquo;est que le\u00a0\u00bbexFAT\u00a0\u00bb est normalement compatible sur les OS Windows,pourtant la \u00e7a ne fonctionne pas.<\/p>\t\t\t\t\t\t\t\t<\/div>\n\t\t\t\t<\/div>\n\t\t<div class=\"elementor-element elementor-element-0cd9de1 e-con-full e-flex wpr-particle-no wpr-jarallax-no wpr-parallax-no wpr-sticky-section-no wpr-equal-height-no e-con e-child\" data-id=\"0cd9de1\" data-element_type=\"container\" data-e-type=\"container\" data-settings=\"{&quot;shape_divider_top&quot;:&quot;opacity-fan&quot;}\">\n\t\t\t\t<div class=\"elementor-shape elementor-shape-top\" aria-hidden=\"true\" data-negative=\"false\">\n\t\t\t<svg xmlns=\"http:\/\/www.w3.org\/2000\/svg\" viewBox=\"0 0 283.5 19.6\" preserveAspectRatio=\"none\">\n\t<path class=\"elementor-shape-fill\" style=\"opacity:0.33\" d=\"M0 0L0 18.8 141.8 4.1 283.5 18.8 283.5 0z\"\/>\n\t<path class=\"elementor-shape-fill\" style=\"opacity:0.33\" d=\"M0 0L0 12.6 141.8 4 283.5 12.6 283.5 0z\"\/>\n\t<path class=\"elementor-shape-fill\" style=\"opacity:0.33\" d=\"M0 0L0 6.4 141.8 4 283.5 6.4 283.5 0z\"\/>\n\t<path class=\"elementor-shape-fill\" d=\"M0 0L0 1.2 141.8 4 283.5 1.2 283.5 0z\"\/>\n<\/svg>\t\t<\/div>\n\t\t\t\t<div class=\"elementor-element elementor-element-7a4008f elementor-widget elementor-widget-text-editor\" data-id=\"7a4008f\" data-element_type=\"widget\" data-e-type=\"widget\" data-widget_type=\"text-editor.default\">\n\t\t\t\t<div class=\"elementor-widget-container\">\n\t\t\t\t\t\t\t\t\t<h4><span style=\"color: #dbd5d5;\">Captures d&rsquo;\u00e9cran,montrant que le stockage interne du DJI AIRS3S et la Carte Micro SD ne sont plus reconnus.Windows tente en boucle de les connecter apr\u00e8s d&rsquo;intempestives d\u00e9connections des p\u00e9riph\u00e9riques de stockage:<\/span><\/h4>\t\t\t\t\t\t\t\t<\/div>\n\t\t\t\t<\/div>\n\t\t<div class=\"elementor-element elementor-element-5f2c47e e-con-full e-flex wpr-particle-no wpr-jarallax-no wpr-parallax-no wpr-sticky-section-no wpr-equal-height-no e-con e-child\" data-id=\"5f2c47e\" data-element_type=\"container\" data-e-type=\"container\">\n\t\t\t\t<div class=\"elementor-element elementor-element-7c05970 elementor-widget__width-initial elementor-widget-mobile__width-initial elementor-widget elementor-widget-image\" data-id=\"7c05970\" data-element_type=\"widget\" data-e-type=\"widget\" data-widget_type=\"image.default\">\n\t\t\t\t<div class=\"elementor-widget-container\">\n\t\t\t\t\t\t\t\t\t\t\t\t\t\t\t<img loading=\"lazy\" decoding=\"async\" width=\"381\" height=\"220\" src=\"https:\/\/www.videostrains.com\/wp-content\/uploads\/2025\/05\/non-formate1.avif\" class=\"attachment-large size-large wp-image-16316\" alt=\"\">\t\t\t\t\t\t\t\t\t\t\t\t\t\t\t<\/div>\n\t\t\t\t<\/div>\n\t\t\t\t<div class=\"elementor-element elementor-element-be788a2 elementor-widget__width-initial elementor-widget-mobile__width-initial elementor-widget elementor-widget-image\" data-id=\"be788a2\" data-element_type=\"widget\" data-e-type=\"widget\" data-widget_type=\"image.default\">\n\t\t\t\t<div class=\"elementor-widget-container\">\n\t\t\t\t\t\t\t\t\t\t\t\t\t\t\t<img loading=\"lazy\" decoding=\"async\" width=\"619\" height=\"224\" src=\"https:\/\/www.videostrains.com\/wp-content\/uploads\/2025\/05\/non-formate2.avif\" class=\"attachment-large size-large wp-image-16315\" alt=\"\">\t\t\t\t\t\t\t\t\t\t\t\t\t\t\t<\/div>\n\t\t\t\t<\/div>\n\t\t\t\t<\/div>\n\t\t\t\t<\/div>\n\t\t<div class=\"elementor-element elementor-element-c2249ec e-con-full e-flex wpr-particle-no wpr-jarallax-no wpr-parallax-no wpr-sticky-section-no wpr-equal-height-no e-con e-child\" data-id=\"c2249ec\" data-element_type=\"container\" data-e-type=\"container\" data-settings=\"{&quot;shape_divider_bottom&quot;:&quot;opacity-fan&quot;}\">\n\t\t\t\t<div class=\"elementor-shape elementor-shape-bottom\" aria-hidden=\"true\" data-negative=\"false\">\n\t\t\t<svg xmlns=\"http:\/\/www.w3.org\/2000\/svg\" viewBox=\"0 0 283.5 19.6\" preserveAspectRatio=\"none\">\n\t<path class=\"elementor-shape-fill\" style=\"opacity:0.33\" d=\"M0 0L0 18.8 141.8 4.1 283.5 18.8 283.5 0z\"\/>\n\t<path class=\"elementor-shape-fill\" style=\"opacity:0.33\" d=\"M0 0L0 12.6 141.8 4 283.5 12.6 283.5 0z\"\/>\n\t<path class=\"elementor-shape-fill\" style=\"opacity:0.33\" d=\"M0 0L0 6.4 141.8 4 283.5 6.4 283.5 0z\"\/>\n\t<path class=\"elementor-shape-fill\" d=\"M0 0L0 1.2 141.8 4 283.5 1.2 283.5 0z\"\/>\n<\/svg>\t\t<\/div>\n\t\t\t\t<div class=\"elementor-element elementor-element-fa88ff9 elementor-widget elementor-widget-image\" data-id=\"fa88ff9\" data-element_type=\"widget\" data-e-type=\"widget\" data-widget_type=\"image.default\">\n\t\t\t\t<div class=\"elementor-widget-container\">\n\t\t\t\t\t\t\t\t\t\t\t\t\t\t\t<img loading=\"lazy\" decoding=\"async\" width=\"768\" height=\"412\" src=\"https:\/\/www.videostrains.com\/wp-content\/uploads\/2025\/05\/non-formate3.avif\" class=\"attachment-medium_large size-medium_large wp-image-16318\" alt=\"\">\t\t\t\t\t\t\t\t\t\t\t\t\t\t\t<\/div>\n\t\t\t\t<\/div>\n\t\t\t\t<\/div>\n\t\t\t\t<\/div>\n\t\t\t\t\t<\/div>\n\t\t\t\t<\/div>\n\t\t<div class=\"elementor-element elementor-element-2ccbe20 e-flex e-con-boxed wpr-particle-no wpr-jarallax-no wpr-parallax-no wpr-sticky-section-no wpr-equal-height-no e-con e-parent\" data-id=\"2ccbe20\" data-element_type=\"container\" data-e-type=\"container\">\n\t\t\t\t\t<div class=\"e-con-inner\">\n\t\t\t\t<div class=\"elementor-element elementor-element-3e101c1 elementor-widget elementor-widget-spacer\" data-id=\"3e101c1\" data-element_type=\"widget\" data-e-type=\"widget\" data-widget_type=\"spacer.default\">\n\t\t\t\t<div class=\"elementor-widget-container\">\n\t\t\t\t\t\t\t<div class=\"elementor-spacer\">\n\t\t\t<div class=\"elementor-spacer-inner\"><\/div>\n\t\t<\/div>\n\t\t\t\t\t\t<\/div>\n\t\t\t\t<\/div>\n\t\t\t\t\t<\/div>\n\t\t\t\t<\/div>\n\t\t<div class=\"elementor-element elementor-element-f8679bc e-con-full e-flex wpr-particle-no wpr-jarallax-no wpr-parallax-no wpr-sticky-section-no wpr-equal-height-no e-con e-child\" data-id=\"f8679bc\" data-element_type=\"container\" data-e-type=\"container\" data-settings=\"{&quot;background_background&quot;:&quot;gradient&quot;,&quot;shape_divider_top&quot;:&quot;mountains&quot;}\">\n\t\t\t\t<div class=\"elementor-shape elementor-shape-top\" aria-hidden=\"true\" data-negative=\"false\">\n\t\t\t<svg xmlns=\"http:\/\/www.w3.org\/2000\/svg\" viewBox=\"0 0 1000 100\" preserveAspectRatio=\"none\">\n\t<path class=\"elementor-shape-fill\" opacity=\"0.33\" d=\"M473,67.3c-203.9,88.3-263.1-34-320.3,0C66,119.1,0,59.7,0,59.7V0h1000v59.7 c0,0-62.1,26.1-94.9,29.3c-32.8,3.3-62.8-12.3-75.8-22.1C806,49.6,745.3,8.7,694.9,4.7S492.4,59,473,67.3z\"\/>\n\t<path class=\"elementor-shape-fill\" opacity=\"0.66\" d=\"M734,67.3c-45.5,0-77.2-23.2-129.1-39.1c-28.6-8.7-150.3-10.1-254,39.1 s-91.7-34.4-149.2,0C115.7,118.3,0,39.8,0,39.8V0h1000v36.5c0,0-28.2-18.5-92.1-18.5C810.2,18.1,775.7,67.3,734,67.3z\"\/>\n\t<path class=\"elementor-shape-fill\" d=\"M766.1,28.9c-200-57.5-266,65.5-395.1,19.5C242,1.8,242,5.4,184.8,20.6C128,35.8,132.3,44.9,89.9,52.5C28.6,63.7,0,0,0,0 h1000c0,0-9.9,40.9-83.6,48.1S829.6,47,766.1,28.9z\"\/>\n<\/svg>\t\t<\/div>\n\t\t\t\t<div class=\"elementor-element elementor-element-a4a01bc elementor-widget elementor-widget-heading\" data-id=\"a4a01bc\" data-element_type=\"widget\" data-e-type=\"widget\" data-widget_type=\"heading.default\">\n\t\t\t\t<div class=\"elementor-widget-container\">\n\t\t\t\t\t<h6 class=\"elementor-heading-title elementor-size-default\">La solution au probl\u00e8me de formatage sur PC:<\/h6>\t\t\t\t<\/div>\n\t\t\t\t<\/div>\n\t\t\t\t<div class=\"elementor-element elementor-element-9488265 elementor-widget elementor-widget-text-editor\" data-id=\"9488265\" data-element_type=\"widget\" data-e-type=\"widget\" data-widget_type=\"text-editor.default\">\n\t\t\t\t<div class=\"elementor-widget-container\">\n\t\t\t\t\t\t\t\t\t<p><span style=\"color: #3366ff;\">\u25ba<\/span> Je d\u00e9cide donc de faire une petite exp\u00e9rience:<\/p><p>Apr\u00e8s avoir bien sur v\u00e9rifi\u00e9 qu&rsquo;il ne me restait rien de primordial dans le stockage interne du drone,je le relie au PC.<br \/>Que le contenu soit lisible ou non,et bien je le formate cette fois ci avec Windows et non pas avec la RC2;<\/p><p>\u00a0bien sur en \u00ab\u00a0ExFAT\u00a0\u00bbet non en Fat32 ou NTFS,les formats de pr\u00e9dilection de Microsoft.<\/p><p>J&rsquo;utilise le drone,je le branche au PC et la&#8230;..\u00e7a marche !<br \/>Apr\u00e8s plusieurs sessions,je constate que le PC reconnais bien le stockage interne du DJI,ainsi que la carte SD,parce que c&rsquo;est avec l&rsquo;ordinateur que j&rsquo;ai fait le formatage \u00ab\u00a0ExFAT\u00a0\u00bb.<\/p><p><span style=\"color: #00ff00;\">\u25ba <\/span>Content d&rsquo;avoir trouv\u00e9 cette solution,face au formatage \u00ab\u00a0b\u00e2tard\u00a0\u00bbde DJI je ne peux la encore qu&rsquo;exprimer mon m\u00e9contentement,<br \/>et surtout mettre en garde les futurs acheteurs du drone tout en partageant ici ma solution au probl\u00e8me.<br \/>Quand aux utilisateurs de MAC,j&rsquo;avoue que je n&rsquo;aime pas ce syst\u00e8me totalement ferm\u00e9 et que je le ne connais(veux)pas.<br \/>Je peux juste vous sugg\u00e9rer de formater le stockage interne en \u00ab\u00a0ExFAT\u00a0\u00bb si c&rsquo;est possible.<\/p>\t\t\t\t\t\t\t\t<\/div>\n\t\t\t\t<\/div>\n\t\t<div class=\"elementor-element elementor-element-c55986f e-con-full e-flex wpr-particle-no wpr-jarallax-no wpr-parallax-no wpr-sticky-section-no wpr-equal-height-no e-con e-child\" data-id=\"c55986f\" data-element_type=\"container\" data-e-type=\"container\">\n\t\t\t\t<div class=\"elementor-element elementor-element-d541cfb elementor-widget elementor-widget-image\" data-id=\"d541cfb\" data-element_type=\"widget\" data-e-type=\"widget\" data-widget_type=\"image.default\">\n\t\t\t\t<div class=\"elementor-widget-container\">\n\t\t\t\t\t\t\t\t\t\t\t\t\t\t\t<img loading=\"lazy\" decoding=\"async\" width=\"1024\" height=\"505\" src=\"https:\/\/www.videostrains.com\/wp-content\/uploads\/2025\/05\/non-formate4.avif\" class=\"attachment-large size-large wp-image-16317\" alt=\"\">\t\t\t\t\t\t\t\t\t\t\t\t\t\t\t<\/div>\n\t\t\t\t<\/div>\n\t\t\t\t<div class=\"elementor-element elementor-element-e7b9cb4 elementor-widget__width-initial elementor-widget elementor-widget-text-editor\" data-id=\"e7b9cb4\" data-element_type=\"widget\" data-e-type=\"widget\" data-widget_type=\"text-editor.default\">\n\t\t\t\t<div class=\"elementor-widget-container\">\n\t\t\t\t\t\t\t\t\t<h3>\u2191 \u00a0 Capture d&rsquo;\u00e9cran sous Windows,du stockage interne et Carte Micro SD du DJI Air 3S apr\u00e8s formatage en ExFAT.<\/h3>\t\t\t\t\t\t\t\t<\/div>\n\t\t\t\t<\/div>\n\t\t\t\t<\/div>\n\t\t<div class=\"elementor-element elementor-element-ec31933 e-flex e-con-boxed wpr-particle-no wpr-jarallax-no wpr-parallax-no wpr-sticky-section-no wpr-equal-height-no e-con e-child\" data-id=\"ec31933\" data-element_type=\"container\" data-e-type=\"container\">\n\t\t\t\t\t<div class=\"e-con-inner\">\n\t\t\t\t<div class=\"elementor-element elementor-element-150ac91 elementor-position-left elementor-vertical-align-middle elementor-widget__width-initial elementor-widget elementor-widget-image-box\" data-id=\"150ac91\" data-element_type=\"widget\" data-e-type=\"widget\" data-widget_type=\"image-box.default\">\n\t\t\t\t<div class=\"elementor-widget-container\">\n\t\t\t\t\t<div class=\"elementor-image-box-wrapper\"><figure class=\"elementor-image-box-img\"><img loading=\"lazy\" decoding=\"async\" width=\"400\" height=\"412\" src=\"https:\/\/www.videostrains.com\/wp-content\/uploads\/2025\/dji_formatage.avif\" class=\"attachment-ocean-thumb-m size-ocean-thumb-m wp-image-16158\" alt=\"drone dji air3s problemes defauts\" \/><\/figure><div class=\"elementor-image-box-content\"><p class=\"elementor-image-box-description\">\u2190   Capture d'\u00e9cran sous Windows,du stockage interne du DJI Air 3S   apr\u00e8s formatage en ExFAT,\net prise de photos pour essai.<\/p><\/div><\/div>\t\t\t\t<\/div>\n\t\t\t\t<\/div>\n\t\t\t\t\t<\/div>\n\t\t\t\t<\/div>\n\t\t\t\t<\/div>\n\t\t<div class=\"elementor-element elementor-element-20390a7 e-flex e-con-boxed wpr-particle-no wpr-jarallax-no wpr-parallax-no wpr-sticky-section-no wpr-equal-height-no e-con e-parent\" data-id=\"20390a7\" data-element_type=\"container\" data-e-type=\"container\">\n\t\t\t\t\t<div class=\"e-con-inner\">\n\t\t\t\t<div class=\"elementor-element elementor-element-b075ebe elementor-widget elementor-widget-spacer\" data-id=\"b075ebe\" data-element_type=\"widget\" data-e-type=\"widget\" data-widget_type=\"spacer.default\">\n\t\t\t\t<div class=\"elementor-widget-container\">\n\t\t\t\t\t\t\t<div class=\"elementor-spacer\">\n\t\t\t<div class=\"elementor-spacer-inner\"><\/div>\n\t\t<\/div>\n\t\t\t\t\t\t<\/div>\n\t\t\t\t<\/div>\n\t\t\t\t\t<\/div>\n\t\t\t\t<\/div>\n\t\t<div class=\"elementor-element elementor-element-b0c083f e-con-full e-flex wpr-particle-no wpr-jarallax-no wpr-parallax-no wpr-sticky-section-no wpr-equal-height-no e-con e-child\" data-id=\"b0c083f\" data-element_type=\"container\" data-e-type=\"container\" data-settings=\"{&quot;background_background&quot;:&quot;gradient&quot;}\">\n\t\t\t\t<div class=\"elementor-element elementor-element-e5f7f54 elementor-widget elementor-widget-heading\" data-id=\"e5f7f54\" data-element_type=\"widget\" data-e-type=\"widget\" data-widget_type=\"heading.default\">\n\t\t\t\t<div class=\"elementor-widget-container\">\n\t\t\t\t\t<h6 class=\"elementor-heading-title elementor-size-default\">Conclusion:<\/h6>\t\t\t\t<\/div>\n\t\t\t\t<\/div>\n\t\t\t\t<div class=\"elementor-element elementor-element-340a990 elementor-widget elementor-widget-text-editor\" data-id=\"340a990\" data-element_type=\"widget\" data-e-type=\"widget\" data-widget_type=\"text-editor.default\">\n\t\t\t\t<div class=\"elementor-widget-container\">\n\t\t\t\t\t\t\t\t\t<p><span style=\"color: #00ff00;\">\u2593\u00a0<\/span> Pour conclure,bien qu&rsquo;il soit encore trop t\u00f4t pour avoir un avis d\u00e9finitif sur les capacit\u00e9s du DJI Air 3S,<\/p><p>je suis par contre en mesure d&rsquo;exprimer mon m\u00e9contentement sur le manque de respect de DJI aupr\u00e8s de ses clients en faisant le choix de ne pas mettre a disposition un chargeur de batteries,et de d&rsquo;avoir mis sur le march\u00e9 un produit qui\u00a0 pose de nombreux probl\u00e8mes \u00e0 certains utilisateurs,concernant le transfert des fichiers sur un ordinateur.<\/p><p>Coup de gueule \u00e9galement envers tous ceux qui font les \u00e9loges du AIR3S tout en oubliant<br \/>de mentionner ces deux points qui me mettent en col\u00e8re.<\/p><p>On peut accorder le b\u00e9n\u00e9fice du doute concernant les probl\u00e8mes de transfert,mais ne pas critiquer le fait que l&rsquo;appareil ne soit pas fourni avec un chargeur,m\u00eame dans son pack le plus complet,je trouve que c&rsquo;est un manque volontaire d&rsquo;objectivit\u00e9 dans les articles ou vid\u00e9os de tests,trop souvent \u00ab\u00a0sponsoris\u00e9s\u00a0\u00bb.<\/p><p>\u00a0<\/p><p><span style=\"color: #00ccff;\">\u25cf \u00a0<\/span> Donc,vous qui souhaitez investir dans ce beau jouet,gardez-bien en m\u00e9moire qu&rsquo;il vous faudra certainement d\u00e9penser plus que pr\u00e9vu pour profiter pleinement de ce Drone,et que tout n&rsquo;est pas si ais\u00e9 que pr\u00e9sent\u00e9 ici et l\u00e0.<\/p><p>Pour une utilisation assez fr\u00e9quente,je conseille vivement l&rsquo;achat du pack fly more,quelque soit la t\u00e9l\u00e9commande choisie.<\/p><p>M\u00eame si la d\u00e9pense est beaucoup plus importante,il me semble imp\u00e9ratif d&rsquo;avoir 2 batteries suppl\u00e9mentaires,et le hub.<\/p><p>Et n&rsquo;oubliez pas,bien sur,que si vous voulez un temps de charge acceptable,il faudra \u00e9galement investir dans un chargeur 60 ou 100 Watts,si vous n&rsquo;en poss\u00e9dez pas d\u00e9j\u00e0.<\/p><p>\u00a0<\/p><p>\u00a0<\/p>\t\t\t\t\t\t\t\t<\/div>\n\t\t\t\t<\/div>\n\t\t<div class=\"elementor-element elementor-element-4b58201 e-con-full e-flex wpr-particle-no wpr-jarallax-no wpr-parallax-no wpr-sticky-section-no wpr-equal-height-no e-con e-child\" data-id=\"4b58201\" data-element_type=\"container\" data-e-type=\"container\">\n\t\t\t\t<div class=\"elementor-element elementor-element-9e2cf06 elementor-widget__width-initial elementor-widget elementor-widget-image\" data-id=\"9e2cf06\" data-element_type=\"widget\" data-e-type=\"widget\" data-widget_type=\"image.default\">\n\t\t\t\t<div class=\"elementor-widget-container\">\n\t\t\t\t\t\t\t\t\t\t\t\t\t\t\t<img loading=\"lazy\" decoding=\"async\" width=\"768\" height=\"382\" src=\"https:\/\/www.videostrains.com\/wp-content\/uploads\/2025\/05\/20250505_180039.avif\" class=\"attachment-medium_large size-medium_large wp-image-16272\" alt=\"\">\t\t\t\t\t\t\t\t\t\t\t\t\t\t\t<\/div>\n\t\t\t\t<\/div>\n\t\t\t\t<div class=\"elementor-element elementor-element-8cb3120 elementor-widget elementor-widget-text-editor\" data-id=\"8cb3120\" data-element_type=\"widget\" data-e-type=\"widget\" data-widget_type=\"text-editor.default\">\n\t\t\t\t<div class=\"elementor-widget-container\">\n\t\t\t\t\t\t\t\t\t<h1><span style=\"color: #ffffff;\">Mes 2 Drones DJI c\u00f4te \u00e0 c\u00f4te:<\/span><\/h1>\t\t\t\t\t\t\t\t<\/div>\n\t\t\t\t<\/div>\n\t\t\t\t<\/div>\n\t\t\t\t<\/div>\n\t\t<div class=\"elementor-element elementor-element-cdc9359 e-flex e-con-boxed wpr-particle-no wpr-jarallax-no wpr-parallax-no wpr-sticky-section-no wpr-equal-height-no e-con e-parent\" data-id=\"cdc9359\" data-element_type=\"container\" data-e-type=\"container\">\n\t\t\t\t\t<div class=\"e-con-inner\">\n\t\t\t\t<div class=\"elementor-element elementor-element-7c0f1d5 elementor-widget elementor-widget-spacer\" data-id=\"7c0f1d5\" data-element_type=\"widget\" data-e-type=\"widget\" data-widget_type=\"spacer.default\">\n\t\t\t\t<div class=\"elementor-widget-container\">\n\t\t\t\t\t\t\t<div class=\"elementor-spacer\">\n\t\t\t<div class=\"elementor-spacer-inner\"><\/div>\n\t\t<\/div>\n\t\t\t\t\t\t<\/div>\n\t\t\t\t<\/div>\n\t\t\t\t\t<\/div>\n\t\t\t\t<\/div>\n\t\t<div class=\"elementor-element elementor-element-70f73f6 e-flex e-con-boxed wpr-particle-no wpr-jarallax-no wpr-parallax-no wpr-sticky-section-no wpr-equal-height-no e-con e-parent\" data-id=\"70f73f6\" data-element_type=\"container\" data-e-type=\"container\" data-settings=\"{&quot;background_background&quot;:&quot;gradient&quot;}\">\n\t\t\t\t\t<div class=\"e-con-inner\">\n\t\t\t\t<div class=\"elementor-element elementor-element-0cd6433 elementor-widget elementor-widget-text-editor\" data-id=\"0cd6433\" data-element_type=\"widget\" data-e-type=\"widget\" data-widget_type=\"text-editor.default\">\n\t\t\t\t<div class=\"elementor-widget-container\">\n\t\t\t\t\t\t\t\t\t<h4><span style=\"color: #ffff00;\">Des remarques,des critiques,n&rsquo;h\u00e9sitez pas \u00e0 me contacter via le formulaire situ\u00e9<span style=\"color: #00ff00;\"> <a style=\"color: #00ff00;\" href=\"https:\/\/videostrains.com\/videostrains\/index.php\/contact-videostrains\/\" target=\"_blank\" rel=\"noopener\">ICI<\/a><\/span> pour m&rsquo;en faire part.<\/span><\/h4>\t\t\t\t\t\t\t\t<\/div>\n\t\t\t\t<\/div>\n\t\t\t\t\t<\/div>\n\t\t\t\t<\/div>\n\t\t\t\t<\/div>\n\t\t","protected":false},"excerpt":{"rendered":"<p>Drone DJI Air3S &#8211; Mon avis sur mon nouveau Drone pour la vid\u00e9o ferroviaire 2 d\u00e9fauts et probl\u00e8mes du Drone DJI Air3S qui me mettent en col\u00e8re Article r\u00e9dig\u00e9 en Mai 2025 Mon AIR3S \u2191 Introduction: \u25cf Les habitu\u00e9s du site et de la chaine vid\u00e9o Youtube le savent d\u00e9ja;j&rsquo;utilise un drone depuis la fin 2017,pour photographier et filmer les trains.Utilisant un DJI Mavic Pro,premier du nom,j&rsquo;\u00e9prouvais le besoin de lui trouver un rempla\u00e7ant,pour les raisons suivantes: \u25ba Comme la plupart des drones,l&rsquo;autonomie n&rsquo;est jamais suffisante,et il me fallait constamment avoir des batteries d&rsquo;avance.Fort heureusement,j&rsquo;ai beaucoup appr\u00e9ci\u00e9 le fait d&rsquo;avoir un chargeur 12volts pour la voiture,en plus de celui qui est en 220 volts,fourni dans le kit fly more lorsque j&rsquo;ai fait l&rsquo;achat de l&rsquo;appareil.\u25ba Le rendu des photos et vid\u00e9os,en raison de son objectif,bien qu&rsquo;\u00e9tant excellent,manquait de qualit\u00e9,et je trouvaisque les couleurs avaient une dominante dans les tons \u00ab\u00a0pourpres\u00a0\u00bb,trop prononc\u00e9e,malgr\u00e9 les retouches que je faisaientsur les photos et vid\u00e9os produites par le Mavic Pro.Bien que la aussi excellentes,ses s\u00e9curit\u00e9s passives et actives \u00e9taient \u00e9galement obsol\u00e8tes par rapport aux derniers mod\u00e8les de drones de la marque.\u00a0\u25cf Apr\u00e8s de longues h\u00e9sitations,j&rsquo;ai donc d\u00e9cid\u00e9 de le compl\u00e9ter par un nouveau mod\u00e8le plus r\u00e9cent.J&rsquo;attendais la sortie du Mavic 4 Pro,mais les rumeurs sur ce dernier,pr\u00e9disaient qu&rsquo;il serait tr\u00e8s cher.J&rsquo;ai voulu m&rsquo;orienter vers le Mavic 3,mais il est lui aussi tr\u00e8s cher,et j&rsquo;ai remarqu\u00e9 que certaines de ses caract\u00e9ristiques commencent \u00e0 \u00eatre plus ou moins \u00e9gal\u00e9es par des gammes inf\u00e9rieures. \u00a0 Apr\u00e8s quelques heures pass\u00e9es \u00e0 comparer l&rsquo;ensemble de la gamme DJI,j&rsquo;ai jet\u00e9 mon d\u00e9volu sur le r\u00e9cent Air 3S,qui est quasiment \u00e9quivalentau Mavic 3,car plus r\u00e9cent de conception.Il a m\u00eame certains avantages. \u25cf Bref,j&rsquo;ai\u00a0 investi dans le AIR 3S en\u00a0 version kit Fly more avec t\u00e9l\u00e9commande RC2,celle qui a l&rsquo;\u00e9cran int\u00e9gr\u00e9,ce qui \u00e9tait pour mon un imp\u00e9ratif.En effet,j&rsquo;ai choisi ce kit a 1600 Euros,car il contient parmi les \u00e9l\u00e9ments qui me tenaient \u00e0 c\u0153ur,3 batteries avec le hub de chargement,et la t\u00e9l\u00e9commande avec \u00e9cran int\u00e9gr\u00e9. Je d\u00e9sirait cette derni\u00e8re,malgr\u00e9 le co\u00fbt suppl\u00e9mentaire,car j&rsquo;ai bien souvent eu des d\u00e9convenuessur le Mavic Pro reli\u00e9 a un smartphone par cable USB,ce qui m&rsquo;a parfois provoqu\u00e9 quelques frayeurs et photos\/vid\u00e9os rat\u00e9es \u00e0 cause de d\u00e9connections intempestives.Donc,afin d&rsquo;\u00e9viter ces risques de plantages,j&rsquo;ai pris cette version de la t\u00e9l\u00e9commande avec \u00e9cran int\u00e9gr\u00e9.De plus,\u00e7a fait gagner du temps pour la mise en service complet du drone. \u2593\u00a0 Pour faire simple et court,bien que manquant encore de recul,je suis pour l&rsquo;instant tr\u00e8s satisfait de la qualit\u00e9 des photos et vid\u00e9os produites.Pour ces derni\u00e8res j&rsquo;ai pour l&rsquo;instant opt\u00e9 pour un r\u00e9glage de prises de vues en mode D-Log ce qui permet lors du montage,un meilleur \u00ab\u00a0\u00e9talonnage\u00a0\u00bbdes couleurs avec un \u00ab\u00a0LUT\u00a0\u00bbadapt\u00e9,t\u00e9l\u00e9chargeable chez DJI.(bien qu&rsquo;il soit possible d&rsquo;en utiliser de nombreux autres). Pour l&rsquo;instant je ne m&rsquo;\u00e9tends pas sur la totalit\u00e9 de mon ressenti,pr\u00e9f\u00e9rant mettre en avant les\u00a0 deux choses qui me d\u00e9plaisent et que je veux partager,car les nombreux tests et avis que j&rsquo;ai pu lire ou visionner ont \u00ab\u00a0pass\u00e9 sous silence\u00a0\u00bbces d\u00e9fauts. Mon bon vieux Mavic Pro 1 Achet\u00e9 en 2017,le Mavic Pro 1.Malgr\u00e9 son age et la rel\u00e8ve,il continuera a m&rsquo;\u00eatre utile Le Premier d\u00e9faut: Pas de chargeur ! \u25cf\u00a0 Malgr\u00e9 le gros effort financier d&rsquo;acheter le kit qui contient le maximum d&rsquo;options,je ne peux m&#8217;emp\u00eacher de trouver\u00a0 scandaleux le fait de devoir acheter en plus&#8230;&#8230;un Chargeur !!!J&rsquo;avais appr\u00e9ci\u00e9 avoir un chargeur 220 volts et un 12V prise allume cigare sur le kit fly more du Mavic Pro,ici RIEN DU TOUT. Seulement le hub sur lequel on peu brancher un chargeur avec prise USB Type C.Le plus puissant que j&rsquo;ai chez moi est un 20 Watts,et qui est adapt\u00e9 \u00e0 la charge admissible de mes t\u00e9l\u00e9phones\/tablettes.Or,pour charger les batteries du Air3S c&rsquo;est beaucoup trop faible,ce qui ne permet qu&rsquo;une charge tr\u00e8s tr\u00e8s lente des batteries.Pour une charge rapide,il faut un chargeur 65W ou 100W.Bien sur vendus en plus par le fabricant. Aussi,j&rsquo;ai achet\u00e9 un chargeur 12 volts 65 Watts d&rsquo;une (bonne)marque tierce afin de le brancher dans la voiture pour commencer et voir ce que \u00e7a donne \u00e0 l&rsquo;usage.Je peux aussi le brancher chez moi sur une alim que je poss\u00e8de d\u00e9j\u00e0.Ensuite je serai bien oblig\u00e9 de rajouter 50 Euros pour le 100 W de DJI.Les marques tierces \u00e9tant aussi ch\u00e8res ou de moindre qualit\u00e9,il me faudra le prendre. Tout \u00e7a pour dire que c&rsquo;est scandaleux de vendre un kit haut de gamme sans le moindre chargeur,qui plus est avec un minimum de puissance d\u00e9livr\u00e9e pour une charge suffisamment rapide. C&rsquo;est en fait ce qui a motiv\u00e9 mon envie de publier cet article pour avertir les futurs acheteurs du drone.Surtout si vous le prenez sans kit avec une seule batterie.Pas tr\u00e8s g\u00eanant pour une utilisation occasionnelle,mais a la fin des 40 minutes d&rsquo;autonomie de la batterie,si vous n&rsquo;en avez pas d&rsquo;autres ou de chargeur rapide,et bien ne comptez pas vous servir \u00e0 nouveau du drone avant quelques heures.\u25cf Monsieur DJI;au lieu de mettre des filtres ND dans le pack fly more,j&rsquo;aurai pr\u00e9f\u00e9r\u00e9 un chargeur digne de ce nom a sa place ! \u2190\u00a0 Chargeur 12 Volts 65 Watts pour la voiture,de la marque UGREEN. UGREEN b\u00e9n\u00e9ficie d&rsquo;une excelente r\u00e9putation. Le Deuxi\u00e8me d\u00e9faut(technique) Un autre d\u00e9faut majeur que les testeurs \u00ab\u00a0omettent\u00a0\u00bb de pr\u00e9ciser:Ils conseillent de brancher le drone directement \u00e0 l&rsquo;ordinateur pour r\u00e9cup\u00e9rer les fichiers enregistr\u00e9s dans le stockage interne. Bon conseil,c&rsquo;est d&rsquo;ailleurs comme \u00e7a que je pr\u00e9f\u00e8re les t\u00e9l\u00e9charger,car c&rsquo;est la m\u00e9thode la plus simple et la plus rapide.Seulement voila,ils oublient de dire que de nombreux possesseurs d&rsquo;un ordinateur MAC,n&rsquo;arrivent pas \u00e0 le connecter pour transf\u00e9rer Photos et Vid\u00e9os.Moi je suis sur PC Windows 10&#8230;..et bien c&rsquo;est pareil !!!En fait,le stockage interne de 42 Go\u00a0 du Air3S une fois format\u00e9 avec la t\u00e9l\u00e9commande lors de la mise en service,et apr\u00e8s avoir fait une premi\u00e8re session de photos ou vid\u00e9os,fonctionne tr\u00e8s bien en le reliant au PC.Mais allez savoir pourquoi,chez moi \u00e7a ne fonctionne qu&rsquo;une seule fois,il faut reformater avec la t\u00e9l\u00e9commande RC2 a chaque fois que je r\u00e9utilise le drone.<\/p>\n","protected":false},"author":2,"featured_media":0,"parent":0,"menu_order":13,"comment_status":"closed","ping_status":"closed","template":"","meta":{"ocean_post_layout":"","ocean_both_sidebars_style":"","ocean_both_sidebars_content_width":0,"ocean_both_sidebars_sidebars_width":0,"ocean_sidebar":"0","ocean_second_sidebar":"0","ocean_disable_margins":"enable","ocean_add_body_class":"","ocean_shortcode_before_top_bar":"","ocean_shortcode_after_top_bar":"","ocean_shortcode_before_header":"","ocean_shortcode_after_header":"","ocean_has_shortcode":"","ocean_shortcode_after_title":"","ocean_shortcode_before_footer_widgets":"","ocean_shortcode_after_footer_widgets":"","ocean_shortcode_before_footer_bottom":"","ocean_shortcode_after_footer_bottom":"","ocean_display_top_bar":"default","ocean_display_header":"default","ocean_header_style":"","ocean_center_header_left_menu":"0","ocean_custom_header_template":"0","ocean_custom_logo":0,"ocean_custom_retina_logo":0,"ocean_custom_logo_max_width":0,"ocean_custom_logo_tablet_max_width":0,"ocean_custom_logo_mobile_max_width":0,"ocean_custom_logo_max_height":0,"ocean_custom_logo_tablet_max_height":0,"ocean_custom_logo_mobile_max_height":0,"ocean_header_custom_menu":"0","ocean_menu_typo_font_family":"0","ocean_menu_typo_font_subset":"","ocean_menu_typo_font_size":0,"ocean_menu_typo_font_size_tablet":0,"ocean_menu_typo_font_size_mobile":0,"ocean_menu_typo_font_size_unit":"px","ocean_menu_typo_font_weight":"","ocean_menu_typo_font_weight_tablet":"","ocean_menu_typo_font_weight_mobile":"","ocean_menu_typo_transform":"","ocean_menu_typo_transform_tablet":"","ocean_menu_typo_transform_mobile":"","ocean_menu_typo_line_height":0,"ocean_menu_typo_line_height_tablet":0,"ocean_menu_typo_line_height_mobile":0,"ocean_menu_typo_line_height_unit":"","ocean_menu_typo_spacing":0,"ocean_menu_typo_spacing_tablet":0,"ocean_menu_typo_spacing_mobile":0,"ocean_menu_typo_spacing_unit":"","ocean_menu_link_color":"","ocean_menu_link_color_hover":"","ocean_menu_link_color_active":"","ocean_menu_link_background":"","ocean_menu_link_hover_background":"","ocean_menu_link_active_background":"","ocean_menu_social_links_bg":"","ocean_menu_social_hover_links_bg":"","ocean_menu_social_links_color":"","ocean_menu_social_hover_links_color":"","ocean_disable_title":"default","ocean_disable_heading":"default","ocean_post_title":"","ocean_post_subheading":"","ocean_post_title_style":"","ocean_post_title_background_color":"","ocean_post_title_background":0,"ocean_post_title_bg_image_position":"","ocean_post_title_bg_image_attachment":"","ocean_post_title_bg_image_repeat":"","ocean_post_title_bg_image_size":"","ocean_post_title_height":0,"ocean_post_title_bg_overlay":0.5,"ocean_post_title_bg_overlay_color":"","ocean_disable_breadcrumbs":"default","ocean_breadcrumbs_color":"","ocean_breadcrumbs_separator_color":"","ocean_breadcrumbs_links_color":"","ocean_breadcrumbs_links_hover_color":"","ocean_display_footer_widgets":"default","ocean_display_footer_bottom":"default","ocean_custom_footer_template":"0","footnotes":""},"class_list":["post-15966","page","type-page","status-publish","hentry","entry"],"_links":{"self":[{"href":"https:\/\/www.videostrains.com\/index.php\/wp-json\/wp\/v2\/pages\/15966","targetHints":{"allow":["GET"]}}],"collection":[{"href":"https:\/\/www.videostrains.com\/index.php\/wp-json\/wp\/v2\/pages"}],"about":[{"href":"https:\/\/www.videostrains.com\/index.php\/wp-json\/wp\/v2\/types\/page"}],"author":[{"embeddable":true,"href":"https:\/\/www.videostrains.com\/index.php\/wp-json\/wp\/v2\/users\/2"}],"replies":[{"embeddable":true,"href":"https:\/\/www.videostrains.com\/index.php\/wp-json\/wp\/v2\/comments?post=15966"}],"version-history":[{"count":0,"href":"https:\/\/www.videostrains.com\/index.php\/wp-json\/wp\/v2\/pages\/15966\/revisions"}],"wp:attachment":[{"href":"https:\/\/www.videostrains.com\/index.php\/wp-json\/wp\/v2\/media?parent=15966"}],"curies":[{"name":"wp","href":"https:\/\/api.w.org\/{rel}","templated":true}]}}